{"id":553,"date":"2023-07-21T07:10:38","date_gmt":"2023-07-21T07:10:38","guid":{"rendered":"https:\/\/citt-humanidadesdigitales.madrimasd.org\/?page_id=553"},"modified":"2026-01-30T10:23:16","modified_gmt":"2026-01-30T10:23:16","slug":"noticias-2","status":"publish","type":"page","link":"https:\/\/citt-humanidadesdigitales.madrimasd.org\/index.php\/noticias-2\/","title":{"rendered":"Noticias"},"content":{"rendered":"\t\t<div data-elementor-type=\"wp-page\" data-elementor-id=\"553\" class=\"elementor elementor-553\">\n\t\t\t\t\t\t\t<div class=\"elementor-element elementor-element-275dc03 e-flex e-con-boxed e-con\" data-id=\"275dc03\" data-element_type=\"container\" data-settings=\"{&quot;content_width&quot;:&quot;boxed&quot;}\">\n\t\t\t\t\t<div class=\"e-con-inner\">\n\t\t<div class=\"elementor-element elementor-element-968f046 e-con-full e-flex e-con\" data-id=\"968f046\" data-element_type=\"container\" data-settings=\"{&quot;content_width&quot;:&quot;full&quot;}\">\n\t\t\t\t<div class=\"elementor-element elementor-element-322f58f elementor-grid-eael-col-3 elementor-grid-tablet-eael-col-2 elementor-grid-mobile-eael-col-1 elementor-widget elementor-widget-eael-post-grid\" data-id=\"322f58f\" data-element_type=\"widget\" data-settings=\"{&quot;eael_post_grid_columns&quot;:&quot;eael-col-3&quot;,&quot;eael_post_grid_columns_tablet&quot;:&quot;eael-col-2&quot;,&quot;eael_post_grid_columns_mobile&quot;:&quot;eael-col-1&quot;}\" data-widget_type=\"eael-post-grid.default\">\n\t\t\t\t<div class=\"elementor-widget-container\">\n\t\t\t<div id=\"eael-post-grid-322f58f\" class=\"eael-post-grid-container\">\n            <div class=\"eael-post-grid eael-post-appender eael-post-appender-322f58f eael-post-grid-style-two\" data-layout-mode=\"grid\"><article class=\"eael-grid-post eael-post-grid-column\" data-id=\"1975\">\n        <div class=\"eael-grid-post-holder\">\n            <div class=\"eael-grid-post-holder-inner\"><div class=\"eael-entry-media\"><div class=\"eael-entry-overlay fade-in\"><i class=\"fas fa-long-arrow-alt-right\" aria-hidden=\"true\"><\/i><a href=\"https:\/\/citt-humanidadesdigitales.madrimasd.org\/index.php\/2026\/04\/29\/anonimizacion-y-evaluacion-claves-de-la-ia-responsable-presentadas-en-transfiere\/\"><\/a><\/div><div class=\"eael-entry-thumbnail eael-image-ratio\">\n                                <img loading=\"lazy\" decoding=\"async\" width=\"1536\" height=\"1024\" src=\"https:\/\/citt-humanidadesdigitales.madrimasd.org\/wp-content\/uploads\/2026\/04\/1772191398792.jpg\" class=\"attachment-1536x1536 size-1536x1536 wp-image-1976\" alt=\"Anonimizaci\u00f3n y evaluaci\u00f3n: claves de la IA responsable presentadas en Transfiere\" srcset=\"https:\/\/citt-humanidadesdigitales.madrimasd.org\/wp-content\/uploads\/2026\/04\/1772191398792.jpg 1536w, https:\/\/citt-humanidadesdigitales.madrimasd.org\/wp-content\/uploads\/2026\/04\/1772191398792-300x200.jpg 300w, https:\/\/citt-humanidadesdigitales.madrimasd.org\/wp-content\/uploads\/2026\/04\/1772191398792-1024x683.jpg 1024w, https:\/\/citt-humanidadesdigitales.madrimasd.org\/wp-content\/uploads\/2026\/04\/1772191398792-768x512.jpg 768w\" sizes=\"auto, (max-width: 1536px) 100vw, 1536px\" \/>\n                              <\/div>\n                      <\/div><div class=\"eael-entry-wrapper\"><header class=\"eael-entry-header\"><h4 class=\"eael-entry-title\"><a\n                                    class=\"eael-grid-post-link\"\n                                    href=\"https:\/\/citt-humanidadesdigitales.madrimasd.org\/index.php\/2026\/04\/29\/anonimizacion-y-evaluacion-claves-de-la-ia-responsable-presentadas-en-transfiere\/\"\n                                    title=\"Anonimizaci\u00f3n y evaluaci\u00f3n: claves de la IA responsable presentadas en Transfiere\">Anonimizaci\u00f3n y evaluaci\u00f3n: claves de la IA responsable presentadas en Transfiere<\/a><\/h4><\/header><div class=\"eael-entry-content\">\n                                    <div class=\"eael-grid-post-excerpt\"><a\n                                        href=\"https:\/\/citt-humanidadesdigitales.madrimasd.org\/index.php\/2026\/04\/29\/anonimizacion-y-evaluacion-claves-de-la-ia-responsable-presentadas-en-transfiere\/\"\n                                        class=\"eael-post-elements-readmore-btn\">Leer m\u00e1s<\/a><\/div>\n                                <\/div><div class=\"eael-entry-header-after style-two\"><div class=\"eael-entry-meta\"><span class=\"eael-meta-posted-on\"><i class=\"far fa-clock\"><\/i><time datetime=\"29 de abril de 2026\">29 de abril de 2026<\/time><\/span><\/div><\/div><\/div><\/div>\n        <\/div>\n    <\/article><article class=\"eael-grid-post eael-post-grid-column\" data-id=\"1971\">\n        <div class=\"eael-grid-post-holder\">\n            <div class=\"eael-grid-post-holder-inner\"><div class=\"eael-entry-media\"><div class=\"eael-entry-overlay fade-in\"><i class=\"fas fa-long-arrow-alt-right\" aria-hidden=\"true\"><\/i><a href=\"https:\/\/citt-humanidadesdigitales.madrimasd.org\/index.php\/2026\/04\/29\/es-hora-de-actuar-la-inteligencia-artificial-entra-en-una-nueva-era\/\"><\/a><\/div><div class=\"eael-entry-thumbnail eael-image-ratio\">\n                                <img loading=\"lazy\" decoding=\"async\" width=\"1536\" height=\"1024\" src=\"https:\/\/citt-humanidadesdigitales.madrimasd.org\/wp-content\/uploads\/2026\/04\/20260217_FIBK_megatrendsInforme_V2-1.png\" class=\"attachment-1536x1536 size-1536x1536 wp-image-1974\" alt=\"Es hora de actuar: la inteligencia artificial entra en una nueva era\" srcset=\"https:\/\/citt-humanidadesdigitales.madrimasd.org\/wp-content\/uploads\/2026\/04\/20260217_FIBK_megatrendsInforme_V2-1.png 1536w, https:\/\/citt-humanidadesdigitales.madrimasd.org\/wp-content\/uploads\/2026\/04\/20260217_FIBK_megatrendsInforme_V2-1-300x200.png 300w, https:\/\/citt-humanidadesdigitales.madrimasd.org\/wp-content\/uploads\/2026\/04\/20260217_FIBK_megatrendsInforme_V2-1-1024x683.png 1024w, https:\/\/citt-humanidadesdigitales.madrimasd.org\/wp-content\/uploads\/2026\/04\/20260217_FIBK_megatrendsInforme_V2-1-768x512.png 768w\" sizes=\"auto, (max-width: 1536px) 100vw, 1536px\" \/>\n                              <\/div>\n                      <\/div><div class=\"eael-entry-wrapper\"><header class=\"eael-entry-header\"><h4 class=\"eael-entry-title\"><a\n                                    class=\"eael-grid-post-link\"\n                                    href=\"https:\/\/citt-humanidadesdigitales.madrimasd.org\/index.php\/2026\/04\/29\/es-hora-de-actuar-la-inteligencia-artificial-entra-en-una-nueva-era\/\"\n                                    title=\"Es hora de actuar: la inteligencia artificial entra en una nueva era\">Es hora de actuar: la inteligencia artificial entra en una nueva era<\/a><\/h4><\/header><div class=\"eael-entry-content\">\n                                    <div class=\"eael-grid-post-excerpt\"><a\n                                        href=\"https:\/\/citt-humanidadesdigitales.madrimasd.org\/index.php\/2026\/04\/29\/es-hora-de-actuar-la-inteligencia-artificial-entra-en-una-nueva-era\/\"\n                                        class=\"eael-post-elements-readmore-btn\">Leer m\u00e1s<\/a><\/div>\n                                <\/div><div class=\"eael-entry-header-after style-two\"><div class=\"eael-entry-meta\"><span class=\"eael-meta-posted-on\"><i class=\"far fa-clock\"><\/i><time datetime=\"29 de abril de 2026\">29 de abril de 2026<\/time><\/span><\/div><\/div><\/div><\/div>\n        <\/div>\n    <\/article><article class=\"eael-grid-post eael-post-grid-column\" data-id=\"1968\">\n        <div class=\"eael-grid-post-holder\">\n            <div class=\"eael-grid-post-holder-inner\"><div class=\"eael-entry-media\"><div class=\"eael-entry-overlay fade-in\"><i class=\"fas fa-long-arrow-alt-right\" aria-hidden=\"true\"><\/i><a href=\"https:\/\/citt-humanidadesdigitales.madrimasd.org\/index.php\/2026\/04\/28\/capital-humano-e-innovacion-el-factor-decisivo-en-la-era-de-la-automatizacion-y-la-ia\/\"><\/a><\/div><div class=\"eael-entry-thumbnail eael-image-ratio\">\n                                <img loading=\"lazy\" decoding=\"async\" width=\"1536\" height=\"1024\" src=\"https:\/\/citt-humanidadesdigitales.madrimasd.org\/wp-content\/uploads\/2026\/04\/Capital-humano-e-innovacion-el-factor-decisivo-en-la-era-de-la-automatizacion-y-la-IA.jpg\" class=\"attachment-1536x1536 size-1536x1536 wp-image-1969\" alt=\"Capital humano e innovaci\u00f3n: el factor decisivo en la era de la automatizaci\u00f3n y la IA\" srcset=\"https:\/\/citt-humanidadesdigitales.madrimasd.org\/wp-content\/uploads\/2026\/04\/Capital-humano-e-innovacion-el-factor-decisivo-en-la-era-de-la-automatizacion-y-la-IA.jpg 1536w, https:\/\/citt-humanidadesdigitales.madrimasd.org\/wp-content\/uploads\/2026\/04\/Capital-humano-e-innovacion-el-factor-decisivo-en-la-era-de-la-automatizacion-y-la-IA-300x200.jpg 300w, https:\/\/citt-humanidadesdigitales.madrimasd.org\/wp-content\/uploads\/2026\/04\/Capital-humano-e-innovacion-el-factor-decisivo-en-la-era-de-la-automatizacion-y-la-IA-1024x683.jpg 1024w, https:\/\/citt-humanidadesdigitales.madrimasd.org\/wp-content\/uploads\/2026\/04\/Capital-humano-e-innovacion-el-factor-decisivo-en-la-era-de-la-automatizacion-y-la-IA-768x512.jpg 768w\" sizes=\"auto, (max-width: 1536px) 100vw, 1536px\" \/>\n                              <\/div>\n                      <\/div><div class=\"eael-entry-wrapper\"><header class=\"eael-entry-header\"><h4 class=\"eael-entry-title\"><a\n                                    class=\"eael-grid-post-link\"\n                                    href=\"https:\/\/citt-humanidadesdigitales.madrimasd.org\/index.php\/2026\/04\/28\/capital-humano-e-innovacion-el-factor-decisivo-en-la-era-de-la-automatizacion-y-la-ia\/\"\n                                    title=\"Capital humano e innovaci\u00f3n: el factor decisivo en la era de la automatizaci\u00f3n y la IA\">Capital humano e innovaci\u00f3n: el factor decisivo en la era de la automatizaci\u00f3n y la IA<\/a><\/h4><\/header><div class=\"eael-entry-content\">\n                                    <div class=\"eael-grid-post-excerpt\"><a\n                                        href=\"https:\/\/citt-humanidadesdigitales.madrimasd.org\/index.php\/2026\/04\/28\/capital-humano-e-innovacion-el-factor-decisivo-en-la-era-de-la-automatizacion-y-la-ia\/\"\n                                        class=\"eael-post-elements-readmore-btn\">Leer m\u00e1s<\/a><\/div>\n                                <\/div><div class=\"eael-entry-header-after style-two\"><div class=\"eael-entry-meta\"><span class=\"eael-meta-posted-on\"><i class=\"far fa-clock\"><\/i><time datetime=\"28 de abril de 2026\">28 de abril de 2026<\/time><\/span><\/div><\/div><\/div><\/div>\n        <\/div>\n    <\/article><article class=\"eael-grid-post eael-post-grid-column\" data-id=\"1965\">\n        <div class=\"eael-grid-post-holder\">\n            <div class=\"eael-grid-post-holder-inner\"><div class=\"eael-entry-media\"><div class=\"eael-entry-overlay fade-in\"><i class=\"fas fa-long-arrow-alt-right\" aria-hidden=\"true\"><\/i><a href=\"https:\/\/citt-humanidadesdigitales.madrimasd.org\/index.php\/2026\/04\/28\/el-citt-acelera-su-evolucion-y-marca-el-rumbo-de-las-humanidades-digitales-hacia-2026\/\"><\/a><\/div><div class=\"eael-entry-thumbnail eael-image-ratio\">\n                                <img loading=\"lazy\" decoding=\"async\" width=\"1536\" height=\"834\" src=\"https:\/\/citt-humanidadesdigitales.madrimasd.org\/wp-content\/uploads\/2026\/04\/El-CITT-acelera-su-evolucion-y-marca-el-rumbo-de-las-Humanidades-Digitales-hacia-2026-1536x834.jpg\" class=\"attachment-1536x1536 size-1536x1536 wp-image-1966\" alt=\"El CITT acelera su evoluci\u00f3n y marca el rumbo de las Humanidades Digitales hacia 2026\" srcset=\"https:\/\/citt-humanidadesdigitales.madrimasd.org\/wp-content\/uploads\/2026\/04\/El-CITT-acelera-su-evolucion-y-marca-el-rumbo-de-las-Humanidades-Digitales-hacia-2026-1536x834.jpg 1536w, https:\/\/citt-humanidadesdigitales.madrimasd.org\/wp-content\/uploads\/2026\/04\/El-CITT-acelera-su-evolucion-y-marca-el-rumbo-de-las-Humanidades-Digitales-hacia-2026-300x163.jpg 300w, https:\/\/citt-humanidadesdigitales.madrimasd.org\/wp-content\/uploads\/2026\/04\/El-CITT-acelera-su-evolucion-y-marca-el-rumbo-de-las-Humanidades-Digitales-hacia-2026-1024x556.jpg 1024w, https:\/\/citt-humanidadesdigitales.madrimasd.org\/wp-content\/uploads\/2026\/04\/El-CITT-acelera-su-evolucion-y-marca-el-rumbo-de-las-Humanidades-Digitales-hacia-2026-768x417.jpg 768w, https:\/\/citt-humanidadesdigitales.madrimasd.org\/wp-content\/uploads\/2026\/04\/El-CITT-acelera-su-evolucion-y-marca-el-rumbo-de-las-Humanidades-Digitales-hacia-2026.jpg 1917w\" sizes=\"auto, (max-width: 1536px) 100vw, 1536px\" \/>\n                              <\/div>\n                      <\/div><div class=\"eael-entry-wrapper\"><header class=\"eael-entry-header\"><h4 class=\"eael-entry-title\"><a\n                                    class=\"eael-grid-post-link\"\n                                    href=\"https:\/\/citt-humanidadesdigitales.madrimasd.org\/index.php\/2026\/04\/28\/el-citt-acelera-su-evolucion-y-marca-el-rumbo-de-las-humanidades-digitales-hacia-2026\/\"\n                                    title=\"El CITT acelera su evoluci\u00f3n y marca el rumbo de las Humanidades Digitales hacia 2026\">El CITT acelera su evoluci\u00f3n y marca el rumbo de las Humanidades Digitales hacia 2026<\/a><\/h4><\/header><div class=\"eael-entry-content\">\n                                    <div class=\"eael-grid-post-excerpt\"><a\n                                        href=\"https:\/\/citt-humanidadesdigitales.madrimasd.org\/index.php\/2026\/04\/28\/el-citt-acelera-su-evolucion-y-marca-el-rumbo-de-las-humanidades-digitales-hacia-2026\/\"\n                                        class=\"eael-post-elements-readmore-btn\">Leer m\u00e1s<\/a><\/div>\n                                <\/div><div class=\"eael-entry-header-after style-two\"><div class=\"eael-entry-meta\"><span class=\"eael-meta-posted-on\"><i class=\"far fa-clock\"><\/i><time datetime=\"28 de abril de 2026\">28 de abril de 2026<\/time><\/span><\/div><\/div><\/div><\/div>\n        <\/div>\n    <\/article><article class=\"eael-grid-post eael-post-grid-column\" data-id=\"1962\">\n        <div class=\"eael-grid-post-holder\">\n            <div class=\"eael-grid-post-holder-inner\"><div class=\"eael-entry-media\"><div class=\"eael-entry-overlay fade-in\"><i class=\"fas fa-long-arrow-alt-right\" aria-hidden=\"true\"><\/i><a href=\"https:\/\/citt-humanidadesdigitales.madrimasd.org\/index.php\/2026\/01\/30\/convocatoria-de-participacion-para-investigadores-foro-transfiere-2026\/\"><\/a><\/div><div class=\"eael-entry-thumbnail eael-image-ratio\">\n                                <img loading=\"lazy\" decoding=\"async\" width=\"800\" height=\"600\" src=\"https:\/\/citt-humanidadesdigitales.madrimasd.org\/wp-content\/uploads\/2026\/01\/TRANSFIERE-800X600.webp\" class=\"attachment-1536x1536 size-1536x1536 wp-image-1957\" alt=\"\" srcset=\"https:\/\/citt-humanidadesdigitales.madrimasd.org\/wp-content\/uploads\/2026\/01\/TRANSFIERE-800X600.webp 800w, https:\/\/citt-humanidadesdigitales.madrimasd.org\/wp-content\/uploads\/2026\/01\/TRANSFIERE-800X600-300x225.webp 300w, https:\/\/citt-humanidadesdigitales.madrimasd.org\/wp-content\/uploads\/2026\/01\/TRANSFIERE-800X600-768x576.webp 768w\" sizes=\"auto, (max-width: 800px) 100vw, 800px\" \/>\n                              <\/div>\n                      <\/div><div class=\"eael-entry-wrapper\"><header class=\"eael-entry-header\"><h4 class=\"eael-entry-title\"><a\n                                    class=\"eael-grid-post-link\"\n                                    href=\"https:\/\/citt-humanidadesdigitales.madrimasd.org\/index.php\/2026\/01\/30\/convocatoria-de-participacion-para-investigadores-foro-transfiere-2026\/\"\n                                    title=\"Convocatoria de participaci\u00f3n para investigadores | Foro Transfiere 2026\">Convocatoria de participaci\u00f3n para investigadores | Foro Transfiere 2026<\/a><\/h4><\/header><div class=\"eael-entry-content\">\n                                    <div class=\"eael-grid-post-excerpt\"><a\n                                        href=\"https:\/\/citt-humanidadesdigitales.madrimasd.org\/index.php\/2026\/01\/30\/convocatoria-de-participacion-para-investigadores-foro-transfiere-2026\/\"\n                                        class=\"eael-post-elements-readmore-btn\">Leer m\u00e1s<\/a><\/div>\n                                <\/div><div class=\"eael-entry-header-after style-two\"><div class=\"eael-entry-meta\"><span class=\"eael-meta-posted-on\"><i class=\"far fa-clock\"><\/i><time datetime=\"30 de enero de 2026\">30 de enero de 2026<\/time><\/span><\/div><\/div><\/div><\/div>\n        <\/div>\n    <\/article><article class=\"eael-grid-post eael-post-grid-column\" data-id=\"1939\">\n        <div class=\"eael-grid-post-holder\">\n            <div class=\"eael-grid-post-holder-inner\"><div class=\"eael-entry-media\"><div class=\"eael-entry-overlay fade-in\"><i class=\"fas fa-long-arrow-alt-right\" aria-hidden=\"true\"><\/i><a href=\"https:\/\/citt-humanidadesdigitales.madrimasd.org\/index.php\/2025\/03\/17\/el-citt-de-humanidades-digitales-y-tecnologias-del-espanol-participara-en-los-cursos-de-verano-de-el-escorial\/\"><\/a><\/div><div class=\"eael-entry-thumbnail eael-image-ratio\">\n                                <img loading=\"lazy\" decoding=\"async\" width=\"1536\" height=\"1152\" src=\"https:\/\/citt-humanidadesdigitales.madrimasd.org\/wp-content\/uploads\/2024\/07\/Curso-de-verano-CITT-HD-y-TE-Jueves-8-tarde-1536x1152.jpg\" class=\"attachment-1536x1536 size-1536x1536 wp-image-1794\" alt=\"\" srcset=\"https:\/\/citt-humanidadesdigitales.madrimasd.org\/wp-content\/uploads\/2024\/07\/Curso-de-verano-CITT-HD-y-TE-Jueves-8-tarde-1536x1152.jpg 1536w, https:\/\/citt-humanidadesdigitales.madrimasd.org\/wp-content\/uploads\/2024\/07\/Curso-de-verano-CITT-HD-y-TE-Jueves-8-tarde-300x225.jpg 300w, https:\/\/citt-humanidadesdigitales.madrimasd.org\/wp-content\/uploads\/2024\/07\/Curso-de-verano-CITT-HD-y-TE-Jueves-8-tarde-1024x768.jpg 1024w, https:\/\/citt-humanidadesdigitales.madrimasd.org\/wp-content\/uploads\/2024\/07\/Curso-de-verano-CITT-HD-y-TE-Jueves-8-tarde-768x576.jpg 768w, https:\/\/citt-humanidadesdigitales.madrimasd.org\/wp-content\/uploads\/2024\/07\/Curso-de-verano-CITT-HD-y-TE-Jueves-8-tarde.jpg 1600w\" sizes=\"auto, (max-width: 1536px) 100vw, 1536px\" \/>\n                              <\/div>\n                      <\/div><div class=\"eael-entry-wrapper\"><header class=\"eael-entry-header\"><h4 class=\"eael-entry-title\"><a\n                                    class=\"eael-grid-post-link\"\n                                    href=\"https:\/\/citt-humanidadesdigitales.madrimasd.org\/index.php\/2025\/03\/17\/el-citt-de-humanidades-digitales-y-tecnologias-del-espanol-participara-en-los-cursos-de-verano-de-el-escorial\/\"\n                                    title=\"El CITT de Humanidades Digitales y Tecnolog\u00edas del Espa\u00f1ol participar\u00e1 en los cursos de verano de El Escorial.\">El CITT de Humanidades Digitales y Tecnolog\u00edas del Espa\u00f1ol participar\u00e1 en los cursos de verano de El Escorial.<\/a><\/h4><\/header><div class=\"eael-entry-content\">\n                                    <div class=\"eael-grid-post-excerpt\"><a\n                                        href=\"https:\/\/citt-humanidadesdigitales.madrimasd.org\/index.php\/2025\/03\/17\/el-citt-de-humanidades-digitales-y-tecnologias-del-espanol-participara-en-los-cursos-de-verano-de-el-escorial\/\"\n                                        class=\"eael-post-elements-readmore-btn\">Leer m\u00e1s<\/a><\/div>\n                                <\/div><div class=\"eael-entry-header-after style-two\"><div class=\"eael-entry-meta\"><span class=\"eael-meta-posted-on\"><i class=\"far fa-clock\"><\/i><time datetime=\"17 de marzo de 2025\">17 de marzo de 2025<\/time><\/span><\/div><\/div><\/div><\/div>\n        <\/div>\n    <\/article><article class=\"eael-grid-post eael-post-grid-column\" data-id=\"1929\">\n        <div class=\"eael-grid-post-holder\">\n            <div class=\"eael-grid-post-holder-inner\"><div class=\"eael-entry-media\"><div class=\"eael-entry-overlay fade-in\"><i class=\"fas fa-long-arrow-alt-right\" aria-hidden=\"true\"><\/i><a href=\"https:\/\/citt-humanidadesdigitales.madrimasd.org\/index.php\/2025\/01\/16\/el-cluster-de-humanidades-digitales-y-tecnologias-del-espanol-mostro-sus-soluciones-tecnologicas-en-el-marco-de-planet25-madrid\/\"><\/a><\/div><div class=\"eael-entry-thumbnail eael-image-ratio\">\n                                <img loading=\"lazy\" decoding=\"async\" width=\"640\" height=\"480\" src=\"https:\/\/citt-humanidadesdigitales.madrimasd.org\/wp-content\/uploads\/2025\/01\/IMG_2247.jpg\" class=\"attachment-1536x1536 size-1536x1536 wp-image-1931\" alt=\"\" srcset=\"https:\/\/citt-humanidadesdigitales.madrimasd.org\/wp-content\/uploads\/2025\/01\/IMG_2247.jpg 640w, https:\/\/citt-humanidadesdigitales.madrimasd.org\/wp-content\/uploads\/2025\/01\/IMG_2247-300x225.jpg 300w\" sizes=\"auto, (max-width: 640px) 100vw, 640px\" \/>\n                              <\/div>\n                      <\/div><div class=\"eael-entry-wrapper\"><header class=\"eael-entry-header\"><h4 class=\"eael-entry-title\"><a\n                                    class=\"eael-grid-post-link\"\n                                    href=\"https:\/\/citt-humanidadesdigitales.madrimasd.org\/index.php\/2025\/01\/16\/el-cluster-de-humanidades-digitales-y-tecnologias-del-espanol-mostro-sus-soluciones-tecnologicas-en-el-marco-de-planet25-madrid\/\"\n                                    title=\"El Cl\u00faster de Humanidades Digitales y Tecnolog\u00edas del Espa\u00f1ol mostr\u00f3 sus soluciones tecnol\u00f3gicas en el marco de Planet25 Madrid\">El Cl\u00faster de Humanidades Digitales y Tecnolog\u00edas del Espa\u00f1ol mostr\u00f3 sus soluciones tecnol\u00f3gicas en el marco de Planet25 Madrid<\/a><\/h4><\/header><div class=\"eael-entry-content\">\n                                    <div class=\"eael-grid-post-excerpt\"><a\n                                        href=\"https:\/\/citt-humanidadesdigitales.madrimasd.org\/index.php\/2025\/01\/16\/el-cluster-de-humanidades-digitales-y-tecnologias-del-espanol-mostro-sus-soluciones-tecnologicas-en-el-marco-de-planet25-madrid\/\"\n                                        class=\"eael-post-elements-readmore-btn\">Leer m\u00e1s<\/a><\/div>\n                                <\/div><div class=\"eael-entry-header-after style-two\"><div class=\"eael-entry-meta\"><span class=\"eael-meta-posted-on\"><i class=\"far fa-clock\"><\/i><time datetime=\"16 de enero de 2025\">16 de enero de 2025<\/time><\/span><\/div><\/div><\/div><\/div>\n        <\/div>\n    <\/article><article class=\"eael-grid-post eael-post-grid-column\" data-id=\"1922\">\n        <div class=\"eael-grid-post-holder\">\n            <div class=\"eael-grid-post-holder-inner\"><div class=\"eael-entry-media\"><div class=\"eael-entry-overlay fade-in\"><i class=\"fas fa-long-arrow-alt-right\" aria-hidden=\"true\"><\/i><a href=\"https:\/\/citt-humanidadesdigitales.madrimasd.org\/index.php\/2025\/01\/02\/hasta-8-empresas-del-cluster-de-humanidades-digitales-y-tecnologias-del-espanol-mostraran-sus-soluciones-tecnologicas-en-el-marco-de-planet25-madrid\/\"><\/a><\/div><div class=\"eael-entry-thumbnail eael-image-ratio\">\n                                <img loading=\"lazy\" decoding=\"async\" width=\"1200\" height=\"600\" src=\"https:\/\/citt-humanidadesdigitales.madrimasd.org\/wp-content\/uploads\/2025\/01\/CITT_Humanidades_digitales_1200x600_PlaNET25.jpg\" class=\"attachment-1536x1536 size-1536x1536 wp-image-1923\" alt=\"Tech Business Planet25\" srcset=\"https:\/\/citt-humanidadesdigitales.madrimasd.org\/wp-content\/uploads\/2025\/01\/CITT_Humanidades_digitales_1200x600_PlaNET25.jpg 1200w, https:\/\/citt-humanidadesdigitales.madrimasd.org\/wp-content\/uploads\/2025\/01\/CITT_Humanidades_digitales_1200x600_PlaNET25-300x150.jpg 300w, https:\/\/citt-humanidadesdigitales.madrimasd.org\/wp-content\/uploads\/2025\/01\/CITT_Humanidades_digitales_1200x600_PlaNET25-1024x512.jpg 1024w, https:\/\/citt-humanidadesdigitales.madrimasd.org\/wp-content\/uploads\/2025\/01\/CITT_Humanidades_digitales_1200x600_PlaNET25-768x384.jpg 768w\" sizes=\"auto, (max-width: 1200px) 100vw, 1200px\" \/>\n                              <\/div>\n                      <\/div><div class=\"eael-entry-wrapper\"><header class=\"eael-entry-header\"><h4 class=\"eael-entry-title\"><a\n                                    class=\"eael-grid-post-link\"\n                                    href=\"https:\/\/citt-humanidadesdigitales.madrimasd.org\/index.php\/2025\/01\/02\/hasta-8-empresas-del-cluster-de-humanidades-digitales-y-tecnologias-del-espanol-mostraran-sus-soluciones-tecnologicas-en-el-marco-de-planet25-madrid\/\"\n                                    title=\"Hasta 8 empresas del Cl\u00faster de Humanidades Digitales y Tecnolog\u00edas del Espa\u00f1ol mostrar\u00e1n sus soluciones tecnol\u00f3gicas en el marco de Planet25 Madrid\">Hasta 8 empresas del Cl\u00faster de Humanidades Digitales y Tecnolog\u00edas del Espa\u00f1ol mostrar\u00e1n sus soluciones tecnol\u00f3gicas en el marco de Planet25 Madrid<\/a><\/h4><\/header><div class=\"eael-entry-content\">\n                                    <div class=\"eael-grid-post-excerpt\"><a\n                                        href=\"https:\/\/citt-humanidadesdigitales.madrimasd.org\/index.php\/2025\/01\/02\/hasta-8-empresas-del-cluster-de-humanidades-digitales-y-tecnologias-del-espanol-mostraran-sus-soluciones-tecnologicas-en-el-marco-de-planet25-madrid\/\"\n                                        class=\"eael-post-elements-readmore-btn\">Leer m\u00e1s<\/a><\/div>\n                                <\/div><div class=\"eael-entry-header-after style-two\"><div class=\"eael-entry-meta\"><span class=\"eael-meta-posted-on\"><i class=\"far fa-clock\"><\/i><time datetime=\"2 de enero de 2025\">2 de enero de 2025<\/time><\/span><\/div><\/div><\/div><\/div>\n        <\/div>\n    <\/article><article class=\"eael-grid-post eael-post-grid-column\" data-id=\"1906\">\n        <div class=\"eael-grid-post-holder\">\n            <div class=\"eael-grid-post-holder-inner\"><div class=\"eael-entry-media\"><div class=\"eael-entry-overlay fade-in\"><i class=\"fas fa-long-arrow-alt-right\" aria-hidden=\"true\"><\/i><a href=\"https:\/\/citt-humanidadesdigitales.madrimasd.org\/index.php\/2024\/12\/04\/la-ii-reunion-anual-del-cluster-de-humanidades-digitales-y-tecnologias-del-espanol-sirve-de-marco-para-anunciar-el-cambio-a-asociacion\/\"><\/a><\/div><div class=\"eael-entry-thumbnail eael-image-ratio\">\n                                <img loading=\"lazy\" decoding=\"async\" width=\"1536\" height=\"1024\" src=\"https:\/\/citt-humanidadesdigitales.madrimasd.org\/wp-content\/uploads\/2024\/12\/IMG_0213-Baja-1536x1024.jpg\" class=\"attachment-1536x1536 size-1536x1536 wp-image-1907\" alt=\"\" srcset=\"https:\/\/citt-humanidadesdigitales.madrimasd.org\/wp-content\/uploads\/2024\/12\/IMG_0213-Baja-1536x1024.jpg 1536w, https:\/\/citt-humanidadesdigitales.madrimasd.org\/wp-content\/uploads\/2024\/12\/IMG_0213-Baja-300x200.jpg 300w, https:\/\/citt-humanidadesdigitales.madrimasd.org\/wp-content\/uploads\/2024\/12\/IMG_0213-Baja-1024x683.jpg 1024w, https:\/\/citt-humanidadesdigitales.madrimasd.org\/wp-content\/uploads\/2024\/12\/IMG_0213-Baja-768x512.jpg 768w, https:\/\/citt-humanidadesdigitales.madrimasd.org\/wp-content\/uploads\/2024\/12\/IMG_0213-Baja-2048x1365.jpg 2048w\" sizes=\"auto, (max-width: 1536px) 100vw, 1536px\" \/>\n                              <\/div>\n                      <\/div><div class=\"eael-entry-wrapper\"><header class=\"eael-entry-header\"><h4 class=\"eael-entry-title\"><a\n                                    class=\"eael-grid-post-link\"\n                                    href=\"https:\/\/citt-humanidadesdigitales.madrimasd.org\/index.php\/2024\/12\/04\/la-ii-reunion-anual-del-cluster-de-humanidades-digitales-y-tecnologias-del-espanol-sirve-de-marco-para-anunciar-el-cambio-a-asociacion\/\"\n                                    title=\"La II Reuni\u00f3n Anual del Cl\u00faster de Humanidades Digitales y Tecnolog\u00edas del Espa\u00f1ol sirve de marco para anunciar el cambio a asociaci\u00f3n.\">La II Reuni\u00f3n Anual del Cl\u00faster de Humanidades Digitales y Tecnolog\u00edas del Espa\u00f1ol sirve de marco para anunciar el cambio a asociaci\u00f3n.<\/a><\/h4><\/header><div class=\"eael-entry-content\">\n                                    <div class=\"eael-grid-post-excerpt\"><a\n                                        href=\"https:\/\/citt-humanidadesdigitales.madrimasd.org\/index.php\/2024\/12\/04\/la-ii-reunion-anual-del-cluster-de-humanidades-digitales-y-tecnologias-del-espanol-sirve-de-marco-para-anunciar-el-cambio-a-asociacion\/\"\n                                        class=\"eael-post-elements-readmore-btn\">Leer m\u00e1s<\/a><\/div>\n                                <\/div><div class=\"eael-entry-header-after style-two\"><div class=\"eael-entry-meta\"><span class=\"eael-meta-posted-on\"><i class=\"far fa-clock\"><\/i><time datetime=\"4 de diciembre de 2024\">4 de diciembre de 2024<\/time><\/span><\/div><\/div><\/div><\/div>\n        <\/div>\n    <\/article><\/div>\n            <div class=\"clearfix\"><\/div>\n        <\/div>            <div class=\"eael-load-more-button-wrap\">\n                <button class=\"eael-load-more-button\" id=\"eael-load-more-btn-322f58f\" data-widget-id=\"322f58f\" data-widget=\"322f58f\" data-page-id=\"553\" data-nonce=\"5a63cdadac\" data-template=\"{&quot;dir&quot;:&quot;lite&quot;,&quot;file_name&quot;:&quot;default.php&quot;,&quot;name&quot;:&quot;Post-Grid&quot;}\" data-class=\"Essential_Addons_Elementor\\Elements\\Post_Grid\" data-layout=\"grid\" data-page=\"1\" data-args=\"orderby=date&amp;order=desc&amp;ignore_sticky_posts=1&amp;post_status=publish&amp;posts_per_page=9&amp;offset=0&amp;post_type=post\" data-max-page=\"5\">\n                    <div class=\"eael-btn-loader button__loader\"><\/div>\n                    <span>M\u00e1s Noticias<\/span>\n                <\/button>\n            <\/div>\n        \t\t<\/div>\n\t\t\t\t<\/div>\n\t\t\t\t<\/div>\n\t\t\t\t\t<\/div>\n\t\t\t\t<\/div>\n\t\t<div class=\"elementor-element elementor-element-0174a0c e-flex e-con-boxed e-con\" data-id=\"0174a0c\" data-element_type=\"container\" data-settings=\"{&quot;content_width&quot;:&quot;boxed&quot;}\">\n\t\t\t\t\t<div class=\"e-con-inner\">\n\t\t\t\t\t<\/div>\n\t\t\t\t<\/div>\n\t\t\t\t\t\t\t<\/div>\n\t\t","protected":false},"excerpt":{"rendered":"<p>Abierto el nuevo Registro Estatal de Entidades interesadas en los PERTES Nueva Econom\u00eda de la Lengua Leer m\u00e1s 28 de diciembre de 2023 Resumen de las \u00faltimas reuniones de 2023 de los grupos de trabajo de cada proyecto Leer m\u00e1s 19 de diciembre de 2023 Raquel L\u00e1zaro present\u00f3 el Cl\u00faster de Innovaci\u00f3n Tecnol\u00f3gica y Talento en Humanidades Digitales y Tecnolog\u00edas del Espa\u00f1ol de la Comunidad de Madrid en \u00a0un evento en Campus Google de la Semana de la Ciencia Leer m\u00e1s 17 de noviembre de 2023 El Cl\u00faster de Innovaci\u00f3n Tecnol\u00f3gica y Talento en Humanidades Digitales y Tecnolog\u00edas del Espa\u00f1ol\u2026<\/p>\n","protected":false},"author":1,"featured_media":0,"parent":0,"menu_order":0,"comment_status":"closed","ping_status":"closed","template":"","meta":{"_mc_calendar":[],"footnotes":""},"class_list":["post-553","page","type-page","status-publish","hentry"],"blocksy_meta":"","acf":[],"jetpack_sharing_enabled":true,"_links":{"self":[{"href":"https:\/\/citt-humanidadesdigitales.madrimasd.org\/index.php\/wp-json\/wp\/v2\/pages\/553","targetHints":{"allow":["GET"]}}],"collection":[{"href":"https:\/\/citt-humanidadesdigitales.madrimasd.org\/index.php\/wp-json\/wp\/v2\/pages"}],"about":[{"href":"https:\/\/citt-humanidadesdigitales.madrimasd.org\/index.php\/wp-json\/wp\/v2\/types\/page"}],"author":[{"embeddable":true,"href":"https:\/\/citt-humanidadesdigitales.madrimasd.org\/index.php\/wp-json\/wp\/v2\/users\/1"}],"replies":[{"embeddable":true,"href":"https:\/\/citt-humanidadesdigitales.madrimasd.org\/index.php\/wp-json\/wp\/v2\/comments?post=553"}],"version-history":[{"count":95,"href":"https:\/\/citt-humanidadesdigitales.madrimasd.org\/index.php\/wp-json\/wp\/v2\/pages\/553\/revisions"}],"predecessor-version":[{"id":1959,"href":"https:\/\/citt-humanidadesdigitales.madrimasd.org\/index.php\/wp-json\/wp\/v2\/pages\/553\/revisions\/1959"}],"wp:attachment":[{"href":"https:\/\/citt-humanidadesdigitales.madrimasd.org\/index.php\/wp-json\/wp\/v2\/media?parent=553"}],"curies":[{"name":"wp","href":"https:\/\/api.w.org\/{rel}","templated":true}]}}